{"id":47715,"date":"2025-02-22T09:17:41","date_gmt":"2025-02-22T08:17:41","guid":{"rendered":"https:\/\/boffi.local\/?page_id=47715"},"modified":"2025-04-07T18:08:43","modified_gmt":"2025-04-07T16:08:43","slug":"about","status":"publish","type":"page","link":"https:\/\/www.boffi.com\/fr\/about\/","title":{"rendered":"\u00c0 propos"},"content":{"rendered":"\t\t<div data-elementor-type=\"wp-page\" data-elementor-id=\"47715\" class=\"elementor elementor-47715 elementor-25\" data-elementor-post-type=\"page\">\n\t\t\t\t\t\t<section class=\"elementor-section elementor-top-section elementor-element elementor-element-42086666 elementor-section-full_width mt-56px pb-40px pb-lg-10px elementor-section-height-default elementor-section-height-default\" data-id=\"42086666\" data-element_type=\"section\">\n\t\t\t\t\t\t<div class=\"elementor-container elementor-column-gap-default\">\n\t\t\t\t\t<div class=\"elementor-column elementor-col-100 elementor-top-column elementor-element elementor-element-a55bad9\" data-id=\"a55bad9\" data-element_type=\"column\">\n\t\t\t<div class=\"elementor-widget-wrap elementor-element-populated\">\n\t\t\t\t\t\t<div class=\"elementor-element elementor-element-6579f591 elementor-widget elementor-widget-breadcrumbs\" data-id=\"6579f591\" data-element_type=\"widget\" data-widget_type=\"breadcrumbs.default\">\n\t\t\t\t<div class=\"elementor-widget-container\">\n\t\t\t\t\t<p id=\"breadcrumbs\"><\/p>\t\t\t\t<\/div>\n\t\t\t\t<\/div>\n\t\t\t\t\t<\/div>\n\t\t<\/div>\n\t\t\t\t\t<\/div>\n\t\t<\/section>\n\t\t\t\t<section class=\"elementor-section elementor-top-section elementor-element elementor-element-3759aec6 elementor-section-full_width elementor-section-height-default elementor-section-height-default\" data-id=\"3759aec6\" data-element_type=\"section\">\n\t\t\t\t\t\t<div class=\"elementor-container elementor-column-gap-default\">\n\t\t\t\t\t<div class=\"elementor-column elementor-col-100 elementor-top-column elementor-element elementor-element-4b0a92b5\" data-id=\"4b0a92b5\" data-element_type=\"column\">\n\t\t\t<div class=\"elementor-widget-wrap elementor-element-populated\">\n\t\t\t\t\t\t<div class=\"elementor-element elementor-element-177a20ed neue-display--regular section__title--text pb-40px pb-lg-40px elementor-widget elementor-widget-theme-post-title elementor-page-title elementor-widget-heading\" data-id=\"177a20ed\" data-element_type=\"widget\" data-widget_type=\"theme-post-title.default\">\n\t\t\t\t<div class=\"elementor-widget-container\">\n\t\t\t\t\t<h1 class=\"elementor-heading-title elementor-size-default\">\u00c0 propos<\/h1>\t\t\t\t<\/div>\n\t\t\t\t<\/div>\n\t\t\t\t\t<\/div>\n\t\t<\/div>\n\t\t\t\t\t<\/div>\n\t\t<\/section>\n\t\t\t\t<section class=\"elementor-section elementor-top-section elementor-element elementor-element-1fe95cbc elementor-section-full_width px-20px elementor-section-height-default elementor-section-height-default\" data-id=\"1fe95cbc\" data-element_type=\"section\">\n\t\t\t\t\t\t<div class=\"elementor-container elementor-column-gap-default\">\n\t\t\t\t\t<div class=\"elementor-column elementor-col-100 elementor-top-column elementor-element elementor-element-56dcd914\" data-id=\"56dcd914\" data-element_type=\"column\">\n\t\t\t<div class=\"elementor-widget-wrap elementor-element-populated\">\n\t\t\t\t\t\t<div class=\"elementor-element elementor-element-3da4be14 img-100 elementor-widget elementor-widget-theme-post-featured-image elementor-widget-image\" data-id=\"3da4be14\" data-element_type=\"widget\" data-widget_type=\"theme-post-featured-image.default\">\n\t\t\t\t<div class=\"elementor-widget-container\">\n\t\t\t\t\t\t\t\t\t\t\t\t\t\t\t<img loading=\"lazy\" decoding=\"async\" width=\"1920\" height=\"1008\" src=\"https:\/\/www.boffi.com\/wp-content\/uploads\/2024\/04\/A-WAY-OF-LIVING-BOFFI-DE-PADOVA.webp\" class=\"attachment-full size-full wp-image-35279\" alt=\"A-WAY-OF-LIVING-BOFFI-DE-PADOVA\" srcset=\"https:\/\/www.boffi.com\/wp-content\/uploads\/2024\/04\/A-WAY-OF-LIVING-BOFFI-DE-PADOVA.webp 1920w, https:\/\/www.boffi.com\/wp-content\/uploads\/2024\/04\/A-WAY-OF-LIVING-BOFFI-DE-PADOVA-300x158.webp 300w, https:\/\/www.boffi.com\/wp-content\/uploads\/2024\/04\/A-WAY-OF-LIVING-BOFFI-DE-PADOVA-1024x538.webp 1024w, https:\/\/www.boffi.com\/wp-content\/uploads\/2024\/04\/A-WAY-OF-LIVING-BOFFI-DE-PADOVA-768x403.webp 768w, https:\/\/www.boffi.com\/wp-content\/uploads\/2024\/04\/A-WAY-OF-LIVING-BOFFI-DE-PADOVA-1536x806.webp 1536w\" sizes=\"auto, (max-width: 1920px) 100vw, 1920px\" \/>\t\t\t\t\t\t\t\t\t\t\t\t\t\t\t<\/div>\n\t\t\t\t<\/div>\n\t\t\t\t<div class=\"elementor-element elementor-element-34b41253 times--light project__main-description--text elementor-widget elementor-widget-text-editor\" data-id=\"34b41253\" data-element_type=\"widget\" data-widget_type=\"text-editor.default\">\n\t\t\t\t<div class=\"elementor-widget-container\">\n\t\t\t\t\t\t\t\t\tL\u2019histoire du design italien est aussi un peu l\u2019histoire de la famille Boffi, capable de cr\u00e9er des connexions avec ceux qui, par la suite, sont devenus des noms embl\u00e9matiques dans le panorama des syst\u00e8me d&#8217;int\u00e9rieur au niveau international. Mais allons dans l\u2019ordre, et suivons le fil narratif qui nous ram\u00e8ne \u00e0 une petite boutique artisanale dans la province de Monza Brianza. C\u2019est ici qu\u2019en 1934, Piero Boffi allume la lumi\u00e8re chaque soir, apr\u00e8s son travail d\u2019artisan \u00e0 la fabrique Caproni. Il exp\u00e9rimente, teste, cr\u00e9e de nouvelles id\u00e9es qui, au fil des ann\u00e9es, r\u00e9volutionneront l\u2019id\u00e9e de cuisine et de living.\t\t\t\t\t\t\t\t<\/div>\n\t\t\t\t<\/div>\n\t\t\t\t\t<\/div>\n\t\t<\/div>\n\t\t\t\t\t<\/div>\n\t\t<\/section>\n\t\t\t\t<section class=\"elementor-section elementor-top-section elementor-element elementor-element-42b3cf56 elementor-section-full_width px-20px pt-120px pb-40px pb-lg-70px elementor-section-height-default elementor-section-height-default elementor-invisible\" data-id=\"42b3cf56\" data-element_type=\"section\" data-settings=\"{&quot;animation&quot;:&quot;fadeInUp&quot;}\">\n\t\t\t\t\t\t<div class=\"elementor-container elementor-column-gap-default\">\n\t\t\t\t\t<div class=\"elementor-column elementor-col-50 elementor-top-column elementor-element elementor-element-56dec486\" data-id=\"56dec486\" data-element_type=\"column\">\n\t\t\t<div class=\"elementor-widget-wrap elementor-element-populated\">\n\t\t\t\t\t\t<div class=\"elementor-element elementor-element-77b3bc62 about__main-title--text elementor-widget elementor-widget-text-editor\" data-id=\"77b3bc62\" data-element_type=\"widget\" data-widget_type=\"text-editor.default\">\n\t\t\t\t<div class=\"elementor-widget-container\">\n\t\t\t\t\t\t\t\t\tUne histoire familiale\t\t\t\t\t\t\t\t<\/div>\n\t\t\t\t<\/div>\n\t\t\t\t\t<\/div>\n\t\t<\/div>\n\t\t\t\t<div class=\"elementor-column elementor-col-50 elementor-top-column elementor-element elementor-element-20643ac\" data-id=\"20643ac\" data-element_type=\"column\">\n\t\t\t<div class=\"elementor-widget-wrap elementor-element-populated\">\n\t\t\t\t\t\t<div class=\"elementor-element elementor-element-4f8ae865 times--light card__description--text about-text elementor-widget elementor-widget-text-editor\" data-id=\"4f8ae865\" data-element_type=\"widget\" data-widget_type=\"text-editor.default\">\n\t\t\t\t<div class=\"elementor-widget-container\">\n\t\t\t\t\t\t\t\t\tPiero est c\u00f4toy\u00e9 par ses fils Dino, Pier Ugo et Paolo, chacun avec une approche diff\u00e9rente en mati\u00e8re d\u2019innovations, technique et intuitions. Ils \u00e9tablissent ainsi les premi\u00e8res collaborations qui donneront lieu \u00e0 des \u00e9l\u00e9ments visionnaires et fonctionnels. Mais il ne s\u2019agit pas seulement de produit, de lignes et de composants syst\u00e9miques\u00a0: une direction artistique &#8211; de Luigi Massoni \u00e0 Antonio Citterio, jusqu\u2019\u00e0 Piero Lissoni encore aujourd\u2019hui &#8211; ainsi qu\u2019une optique manag\u00e9riale avant-gardiste figurent parmi les fondements cr\u00e9ateurs d\u2019une strat\u00e9gie d&#8217;image et de communication qui ont in\u00e9vitablement c\u00f4toy\u00e9 les produits Boffi.\t\t\t\t\t\t\t\t<\/div>\n\t\t\t\t<\/div>\n\t\t\t\t\t<\/div>\n\t\t<\/div>\n\t\t\t\t\t<\/div>\n\t\t<\/section>\n\t\t\t\t<section class=\"elementor-section elementor-top-section elementor-element elementor-element-45a0aae3 elementor-section-full_width px-20px d-flex justify-content-center pb-lg-70px pb-40px dc-has-condition dc-condition-empty elementor-section-height-default elementor-section-height-default elementor-invisible\" data-id=\"45a0aae3\" data-element_type=\"section\" data-settings=\"{&quot;animation&quot;:&quot;fadeInUp&quot;}\">\n\t\t\t\t\t\t<div class=\"elementor-container elementor-column-gap-default\">\n\t\t\t\t\t<div class=\"elementor-column elementor-col-100 elementor-top-column elementor-element elementor-element-5df9c366\" data-id=\"5df9c366\" data-element_type=\"column\">\n\t\t\t<div class=\"elementor-widget-wrap elementor-element-populated\">\n\t\t\t\t\t\t<section class=\"elementor-section elementor-inner-section elementor-element elementor-element-27f2e8ae elementor-section-full_width d-flex gap-20px elementor-section-height-default elementor-section-height-default\" data-id=\"27f2e8ae\" data-element_type=\"section\">\n\t\t\t\t\t\t<div class=\"elementor-container elementor-column-gap-default\">\n\t\t\t\t\t<div class=\"elementor-column elementor-col-50 elementor-inner-column elementor-element elementor-element-2c357a62\" data-id=\"2c357a62\" data-element_type=\"column\">\n\t\t\t<div class=\"elementor-widget-wrap elementor-element-populated\">\n\t\t\t\t\t\t<div class=\"elementor-element elementor-element-7855cc8a elementor-widget__width-inherit elementor-widget elementor-widget-image\" data-id=\"7855cc8a\" data-element_type=\"widget\" data-widget_type=\"image.default\">\n\t\t\t\t<div class=\"elementor-widget-container\">\n\t\t\t\t\t\t\t\t\t\t\t\t\t\t\t<img loading=\"lazy\" decoding=\"async\" width=\"455\" height=\"607\" src=\"https:\/\/www.boffi.com\/wp-content\/uploads\/2024\/07\/Designer-Antonio-Citterio-1.webp\" class=\"attachment-full size-full wp-image-84023\" alt=\"Designer Antonio Citterio webp\" srcset=\"https:\/\/www.boffi.com\/wp-content\/uploads\/2024\/07\/Designer-Antonio-Citterio-1.webp 455w, https:\/\/www.boffi.com\/wp-content\/uploads\/2024\/07\/Designer-Antonio-Citterio-1-225x300.webp 225w\" sizes=\"auto, (max-width: 455px) 100vw, 455px\" \/>\t\t\t\t\t\t\t\t\t\t\t\t\t\t\t<\/div>\n\t\t\t\t<\/div>\n\t\t\t\t\t<\/div>\n\t\t<\/div>\n\t\t\t\t<div class=\"elementor-column elementor-col-50 elementor-inner-column elementor-element elementor-element-54999e55\" data-id=\"54999e55\" data-element_type=\"column\">\n\t\t\t<div class=\"elementor-widget-wrap elementor-element-populated\">\n\t\t\t\t\t\t<div class=\"elementor-element elementor-element-e0ed362 elementor-widget__width-inherit elementor-widget elementor-widget-image\" data-id=\"e0ed362\" data-element_type=\"widget\" data-widget_type=\"image.default\">\n\t\t\t\t<div class=\"elementor-widget-container\">\n\t\t\t\t\t\t\t\t\t\t\t\t\t\t\t<img loading=\"lazy\" decoding=\"async\" width=\"455\" height=\"607\" src=\"https:\/\/www.boffi.com\/wp-content\/uploads\/2024\/07\/Designer-Piero-Lissoni.webp\" class=\"attachment-full size-full wp-image-84024\" alt=\"Designer Piero Lissoni webp\" srcset=\"https:\/\/www.boffi.com\/wp-content\/uploads\/2024\/07\/Designer-Piero-Lissoni.webp 455w, https:\/\/www.boffi.com\/wp-content\/uploads\/2024\/07\/Designer-Piero-Lissoni-225x300.webp 225w\" sizes=\"auto, (max-width: 455px) 100vw, 455px\" \/>\t\t\t\t\t\t\t\t\t\t\t\t\t\t\t<\/div>\n\t\t\t\t<\/div>\n\t\t\t\t\t<\/div>\n\t\t<\/div>\n\t\t\t\t\t<\/div>\n\t\t<\/section>\n\t\t\t\t\t<\/div>\n\t\t<\/div>\n\t\t\t\t\t<\/div>\n\t\t<\/section>\n\t\t\t\t<section class=\"elementor-section elementor-top-section elementor-element elementor-element-3b0df274 elementor-section-full_width px-20px pb-20px pb-lg-40px elementor-section-height-default elementor-section-height-default elementor-invisible\" data-id=\"3b0df274\" data-element_type=\"section\" data-settings=\"{&quot;animation&quot;:&quot;fadeInUp&quot;}\">\n\t\t\t\t\t\t<div class=\"elementor-container elementor-column-gap-default\">\n\t\t\t\t\t<div class=\"elementor-column elementor-col-50 elementor-top-column elementor-element elementor-element-5a52b5ef\" data-id=\"5a52b5ef\" data-element_type=\"column\">\n\t\t\t<div class=\"elementor-widget-wrap elementor-element-populated\">\n\t\t\t\t\t\t<div class=\"elementor-element elementor-element-39d644ac about__main-title--text elementor-widget elementor-widget-text-editor\" data-id=\"39d644ac\" data-element_type=\"widget\" data-widget_type=\"text-editor.default\">\n\t\t\t\t<div class=\"elementor-widget-container\">\n\t\t\t\t\t\t\t\t\t<p>Searching for the essence: Boffi&#8217;s journey<\/p>\t\t\t\t\t\t\t\t<\/div>\n\t\t\t\t<\/div>\n\t\t\t\t\t<\/div>\n\t\t<\/div>\n\t\t\t\t<div class=\"elementor-column elementor-col-50 elementor-top-column elementor-element elementor-element-f5bb542\" data-id=\"f5bb542\" data-element_type=\"column\">\n\t\t\t<div class=\"elementor-widget-wrap elementor-element-populated\">\n\t\t\t\t\t\t<div class=\"elementor-element elementor-element-49e64039 pe-20px times--light card__description--text elementor-widget elementor-widget-text-editor\" data-id=\"49e64039\" data-element_type=\"widget\" data-widget_type=\"text-editor.default\">\n\t\t\t\t<div class=\"elementor-widget-container\">\n\t\t\t\t\t\t\t\t\tEn presque quatre-vingt-dix ans il y a eu des ouvertures strat\u00e9giques dans les capitales du design, des int\u00e9grations \u00e9prouv\u00e9es entre habilet\u00e9 manuelle et technologie, des projets sur mesure, une \u00e9tude incessante sur les meilleurs mat\u00e9riaux ainsi que des collaborations et partenariats recherch\u00e9s. De nombreuses intuitions, comme l\u2019extension de gamme, assurent une vue d\u2019ensemble\u00a0: aux cuisines devenues iconiques, Boffi ajoute les salles de bains puis les syst\u00e8mes, jusqu\u2019\u00e0 l\u2019int\u00e9gration d\u2019autres soci\u00e9t\u00e9s. \u00c0 commencer par De Padova en 2015, une op\u00e9ration qui am\u00e8nera les deux marques made in Italy \u00e0 collaborer \u00e9troitement au d\u00e9veloppement d\u2019un parcours de forte internationalisation, d\u00e9j\u00e0 entrepris par les deux entreprises, dans le but de promouvoir le \u00ab\u00a0savoir-faire italien\u00a0\u00bb dans le monde, en formant un groupe capable de p\u00e9n\u00e9trer de fa\u00e7on capillaire les march\u00e9s domestique et des collectivit\u00e9s.\t\t\t\t\t\t\t\t<\/div>\n\t\t\t\t<\/div>\n\t\t\t\t\t<\/div>\n\t\t<\/div>\n\t\t\t\t\t<\/div>\n\t\t<\/section>\n\t\t\t\t<section class=\"elementor-section elementor-top-section elementor-element elementor-element-512dd042 elementor-section-full_width slideAboutPage elementor-section-height-default elementor-section-height-default elementor-invisible\" data-id=\"512dd042\" data-element_type=\"section\" data-settings=\"{&quot;animation&quot;:&quot;fadeInUp&quot;}\">\n\t\t\t\t\t\t<div class=\"elementor-container elementor-column-gap-default\">\n\t\t\t\t\t<div class=\"elementor-column elementor-col-100 elementor-top-column elementor-element elementor-element-785dbc87\" data-id=\"785dbc87\" data-element_type=\"column\">\n\t\t\t<div class=\"elementor-widget-wrap elementor-element-populated\">\n\t\t\t\t\t\t<div class=\"elementor-element elementor-element-621b471b elementor-widget elementor-widget-shortcode\" data-id=\"621b471b\" data-element_type=\"widget\" data-widget_type=\"shortcode.default\">\n\t\t\t\t<div class=\"elementor-widget-container\">\n\t\t\t\t\t\t\t<div class=\"elementor-shortcode\">        <section class=\"splide standard about_slider mb-lg-70px\" aria-label=\"splide\">\n            <div class=\"splide__track\">\n                <ul class=\"splide__list\">\n                                            <li class=\"splide__slide news__slider\"> <img decoding=\"async\" src=\"https:\/\/www.boffi.com\/wp-content\/uploads\/2024\/04\/BOFFI_DEPADOVA_ANTIBES-SYSTEM_ALBERESE-XL_ISHI-STONE_TALOS_AVA_HELIUM_TRIBECA.webp\"\n                                alt=\"\" \/><\/li>\n                                            <li class=\"splide__slide news__slider\"> <img decoding=\"async\" src=\"https:\/\/www.boffi.com\/wp-content\/uploads\/2024\/04\/BOFFI_DEPADOVA_ANTIBES_CINETICA_BLENDY_POUF-CAPITONNE_CHAB-TABLE_TALOS_LOP_NOTA_ROKUMARU.webp\"\n                                alt=\"\" \/><\/li>\n                                            <li class=\"splide__slide news__slider\"> <img decoding=\"async\" src=\"https:\/\/www.boffi.com\/wp-content\/uploads\/2024\/04\/BOFFI_DEPADOVA_HONORE-OUTDOOR_FIREFLY-OUTDOOR_AGADES_1.webp\"\n                                alt=\"\" \/><\/li>\n                                            <li class=\"splide__slide news__slider\"> <img decoding=\"async\" src=\"https:\/\/www.boffi.com\/wp-content\/uploads\/2024\/04\/BOFFI_DEPADOVA_PILLOW20_DANTA_BRONZE-CASTING-SCULPTURE_MOON_SEN_TALOS_SAINTPAUL_ELEMENTI_1.webp\"\n                                alt=\"\" \/><\/li>\n                                            <li class=\"splide__slide news__slider\"> <img decoding=\"async\" src=\"https:\/\/www.boffi.com\/wp-content\/uploads\/2024\/04\/BOFFI_DEPADOVA_AFTERNOONS_FIREFLY-OUTDOOR_AGADES_3.JPG.webp\"\n                                alt=\"\" \/><\/li>\n                                            <li class=\"splide__slide news__slider\"> <img decoding=\"async\" src=\"https:\/\/www.boffi.com\/wp-content\/uploads\/2024\/04\/BOFFI_DEPADOVA_ANTIBES-SYSTEM_ALBERESE-XL_ISHI-STONE_TRIBECA_2.webp\"\n                                alt=\"\" \/><\/li>\n                                            <li class=\"splide__slide news__slider\"> <img decoding=\"async\" src=\"https:\/\/www.boffi.com\/wp-content\/uploads\/2024\/04\/BOFFI_DEPADOVA_VIDUN_REA_CUT-BACK.webp\"\n                                alt=\"\" \/><\/li>\n                                    <\/ul>\n            <\/div>\n            <div class=\"splide__arrows\">\n                <button class=\"splide__arrow splide__arrow--prev\">\n                    <svg xmlns=\"http:\/\/www.w3.org\/2000\/svg\" width=\"40\" height=\"40\" viewBox=\"0 0 40 40\" fill=\"none\">\n                        <circle cx=\"20\" cy=\"20\" r=\"19.25\" stroke=\"#c7c7c7\" stroke-width=\"1.5\"><\/circle>\n                        <path d=\"M25 10L13 20L25 30\" stroke=\"#c7c7c7\" stroke-width=\"1.5\"><\/path>\n                    <\/svg> <\/button>\n                <button class=\"splide__arrow splide__arrow--next\">\n                    <svg xmlns=\"http:\/\/www.w3.org\/2000\/svg\" width=\"40\" height=\"40\" viewBox=\"0 0 40 40\" fill=\"none\">\n                        <circle cx=\"20\" cy=\"20\" r=\"19.25\" transform=\"rotate(-180 20 20)\" stroke=\"#c7c7c7\" stroke-width=\"1.5\">\n                        <\/circle>\n                        <path d=\"M15 30L27 20L15 10\" stroke=\"#c7c7c7\" stroke-width=\"1.5\"><\/path>\n                    <\/svg>\n                <\/button>\n            <\/div>\n        <\/section>\n    <\/div>\n\t\t\t\t\t\t<\/div>\n\t\t\t\t<\/div>\n\t\t\t\t\t<\/div>\n\t\t<\/div>\n\t\t\t\t\t<\/div>\n\t\t<\/section>\n\t\t\t\t<section class=\"elementor-section elementor-top-section elementor-element elementor-element-7791a446 elementor-section-full_width px-20px pb-20px pb-lg-40px elementor-section-height-default elementor-section-height-default elementor-invisible\" data-id=\"7791a446\" data-element_type=\"section\" data-settings=\"{&quot;animation&quot;:&quot;fadeInUp&quot;}\">\n\t\t\t\t\t\t<div class=\"elementor-container elementor-column-gap-default\">\n\t\t\t\t\t<div class=\"elementor-column elementor-col-50 elementor-top-column elementor-element elementor-element-7746b0e8\" data-id=\"7746b0e8\" data-element_type=\"column\">\n\t\t\t<div class=\"elementor-widget-wrap elementor-element-populated\">\n\t\t\t\t\t\t<div class=\"elementor-element elementor-element-3597b11 about__main-title--text elementor-widget elementor-widget-text-editor\" data-id=\"3597b11\" data-element_type=\"widget\" data-widget_type=\"text-editor.default\">\n\t\t\t\t<div class=\"elementor-widget-container\">\n\t\t\t\t\t\t\t\t\tMA\/U Studio et ADL rejoignent le groupe Boffi De Padova\t\t\t\t\t\t\t\t<\/div>\n\t\t\t\t<\/div>\n\t\t\t\t\t<\/div>\n\t\t<\/div>\n\t\t\t\t<div class=\"elementor-column elementor-col-50 elementor-top-column elementor-element elementor-element-3a83b04c\" data-id=\"3a83b04c\" data-element_type=\"column\">\n\t\t\t<div class=\"elementor-widget-wrap elementor-element-populated\">\n\t\t\t\t\t\t<div class=\"elementor-element elementor-element-7ab4f4c1 times--light card__description--text elementor-widget elementor-widget-text-editor\" data-id=\"7ab4f4c1\" data-element_type=\"widget\" data-widget_type=\"text-editor.default\">\n\t\t\t\t<div class=\"elementor-widget-container\">\n\t\t\t\t\t\t\t\t\tLe design nordique de MA\/U Studio en 2017 et les syst\u00e8mes de connexion architecturaux ADL en 2019 suivent le leitmotiv lanc\u00e9 par le PDG Roberto Gavazzi. D\u00e8s son entr\u00e9e en qualit\u00e9 de Directeur G\u00e9n\u00e9ral en 1988, il a poursuivi une strat\u00e9gie d\u2019entreprise, aujourd\u2019hui Boffi|DePadova, constitu\u00e9e de syst\u00e8mes int\u00e9gr\u00e9s et d\u2019\u00e9l\u00e9ments qui diff\u00e8rent de son style mais qui, mis c\u00f4te \u00e0 c\u00f4te, parviennent \u00e0 parler le m\u00eame langage, en totale synergie. Une vision d\u2019ensemble, capable de valoriser chaque aspect du business gr\u00e2ce \u00e0 des transformations et des changements mesur\u00e9s et l&#8217;envie constante de s\u2019am\u00e9liorer d\u2019ann\u00e9e en ann\u00e9e.\t\t\t\t\t\t\t\t<\/div>\n\t\t\t\t<\/div>\n\t\t\t\t\t<\/div>\n\t\t<\/div>\n\t\t\t\t\t<\/div>\n\t\t<\/section>\n\t\t\t\t<section class=\"elementor-section elementor-top-section elementor-element elementor-element-893d891 px-20px d-flex justify-content-center pb-lg-70px pb-40px dc-has-condition dc-condition-empty elementor-section-full_width elementor-section-height-default elementor-section-height-default elementor-invisible\" data-id=\"893d891\" data-element_type=\"section\" data-settings=\"{&quot;animation&quot;:&quot;fadeInUp&quot;}\">\n\t\t\t\t\t\t<div class=\"elementor-container elementor-column-gap-custom\">\n\t\t\t\t\t<div class=\"elementor-column elementor-col-100 elementor-top-column elementor-element elementor-element-2f7bcc3c\" data-id=\"2f7bcc3c\" data-element_type=\"column\">\n\t\t\t<div class=\"elementor-widget-wrap elementor-element-populated\">\n\t\t\t\t\t\t<section class=\"elementor-section elementor-inner-section elementor-element elementor-element-5f6bf758 elementor-section-full_width elementor-section-height-default elementor-section-height-default\" data-id=\"5f6bf758\" data-element_type=\"section\">\n\t\t\t\t\t\t<div class=\"elementor-container elementor-column-gap-default\">\n\t\t\t\t\t<div class=\"elementor-column elementor-col-50 elementor-inner-column elementor-element elementor-element-7811e3e8\" data-id=\"7811e3e8\" data-element_type=\"column\">\n\t\t\t<div class=\"elementor-widget-wrap elementor-element-populated\">\n\t\t\t\t\t\t<div class=\"elementor-element elementor-element-25fe4d30 elementor-widget elementor-widget-image\" data-id=\"25fe4d30\" data-element_type=\"widget\" data-widget_type=\"image.default\">\n\t\t\t\t<div class=\"elementor-widget-container\">\n\t\t\t\t\t\t\t\t\t\t\t\t\t\t\t<img loading=\"lazy\" decoding=\"async\" width=\"750\" height=\"1000\" src=\"https:\/\/www.boffi.com\/wp-content\/uploads\/2024\/04\/BOFFI_DEPADOVA_ANTIBES_CINETICA_BLENDY_POUF-CAPITONNE_CHAB-TABLE_TALOS.webp\" class=\"attachment-full size-full wp-image-47790\" alt=\"\" srcset=\"https:\/\/www.boffi.com\/wp-content\/uploads\/2024\/04\/BOFFI_DEPADOVA_ANTIBES_CINETICA_BLENDY_POUF-CAPITONNE_CHAB-TABLE_TALOS.webp 750w, https:\/\/www.boffi.com\/wp-content\/uploads\/2024\/04\/BOFFI_DEPADOVA_ANTIBES_CINETICA_BLENDY_POUF-CAPITONNE_CHAB-TABLE_TALOS-225x300.webp 225w, https:\/\/www.boffi.com\/wp-content\/uploads\/2024\/04\/BOFFI_DEPADOVA_ANTIBES_CINETICA_BLENDY_POUF-CAPITONNE_CHAB-TABLE_TALOS-576x768.webp 576w\" sizes=\"auto, (max-width: 750px) 100vw, 750px\" \/>\t\t\t\t\t\t\t\t\t\t\t\t\t\t\t<\/div>\n\t\t\t\t<\/div>\n\t\t\t\t\t<\/div>\n\t\t<\/div>\n\t\t\t\t<div class=\"elementor-column elementor-col-50 elementor-inner-column elementor-element elementor-element-58dba69b\" data-id=\"58dba69b\" data-element_type=\"column\">\n\t\t\t<div class=\"elementor-widget-wrap elementor-element-populated\">\n\t\t\t\t\t\t<div class=\"elementor-element elementor-element-6bfd3c21 elementor-widget elementor-widget-image\" data-id=\"6bfd3c21\" data-element_type=\"widget\" data-widget_type=\"image.default\">\n\t\t\t\t<div class=\"elementor-widget-container\">\n\t\t\t\t\t\t\t\t\t\t\t\t\t\t\t<img loading=\"lazy\" decoding=\"async\" width=\"750\" height=\"1000\" src=\"https:\/\/www.boffi.com\/wp-content\/uploads\/2024\/04\/BOFFI_DEPADOVA_ANTIBES_CINETICA.webp\" class=\"attachment-full size-full wp-image-47791\" alt=\"\" srcset=\"https:\/\/www.boffi.com\/wp-content\/uploads\/2024\/04\/BOFFI_DEPADOVA_ANTIBES_CINETICA.webp 750w, https:\/\/www.boffi.com\/wp-content\/uploads\/2024\/04\/BOFFI_DEPADOVA_ANTIBES_CINETICA-225x300.webp 225w, https:\/\/www.boffi.com\/wp-content\/uploads\/2024\/04\/BOFFI_DEPADOVA_ANTIBES_CINETICA-576x768.webp 576w\" sizes=\"auto, (max-width: 750px) 100vw, 750px\" \/>\t\t\t\t\t\t\t\t\t\t\t\t\t\t\t<\/div>\n\t\t\t\t<\/div>\n\t\t\t\t\t<\/div>\n\t\t<\/div>\n\t\t\t\t\t<\/div>\n\t\t<\/section>\n\t\t\t\t\t<\/div>\n\t\t<\/div>\n\t\t\t\t\t<\/div>\n\t\t<\/section>\n\t\t\t\t<section class=\"elementor-section elementor-top-section elementor-element elementor-element-434b69aa elementor-section-full_width px-20px pt-40px elementor-section-height-default elementor-section-height-default elementor-invisible\" data-id=\"434b69aa\" data-element_type=\"section\" data-settings=\"{&quot;animation&quot;:&quot;fadeInUp&quot;}\">\n\t\t\t\t\t\t<div class=\"elementor-container elementor-column-gap-default\">\n\t\t\t\t\t<div class=\"elementor-column elementor-col-50 elementor-top-column elementor-element elementor-element-1d7e6d04\" data-id=\"1d7e6d04\" data-element_type=\"column\">\n\t\t\t<div class=\"elementor-widget-wrap\">\n\t\t\t\t\t\t\t<\/div>\n\t\t<\/div>\n\t\t\t\t<div class=\"elementor-column elementor-col-50 elementor-top-column elementor-element elementor-element-3e8194b4\" data-id=\"3e8194b4\" data-element_type=\"column\">\n\t\t\t<div class=\"elementor-widget-wrap elementor-element-populated\">\n\t\t\t\t\t\t<div class=\"elementor-element elementor-element-b8d324e pe-20px times--light card__description--text pb-lg-70px elementor-widget elementor-widget-text-editor\" data-id=\"b8d324e\" data-element_type=\"widget\" data-widget_type=\"text-editor.default\">\n\t\t\t\t<div class=\"elementor-widget-container\">\n\t\t\t\t\t\t\t\t\tLe voyage de Boffi est la recherche d\u2019un tout, \u00e0 la tendance raffin\u00e9e et en constante \u00e9volution. Un \u00ab\u00a0way of living\u00a0\u00bb reconnaissable.\t\t\t\t\t\t\t\t<\/div>\n\t\t\t\t<\/div>\n\t\t\t\t\t<\/div>\n\t\t<\/div>\n\t\t\t\t\t<\/div>\n\t\t<\/section>\n\t\t\t\t<section class=\"elementor-section elementor-top-section elementor-element elementor-element-6103ea26 px-20px justify-content-center pb-lg-40px pb-80px shadow dc-has-condition dc-condition-empty elementor-section-full_width elementor-section-height-default elementor-section-height-default elementor-invisible\" data-id=\"6103ea26\" data-element_type=\"section\" data-settings=\"{&quot;animation&quot;:&quot;fadeInUp&quot;}\">\n\t\t\t\t\t\t<div class=\"elementor-container elementor-column-gap-default\">\n\t\t\t\t\t<div class=\"elementor-column elementor-col-100 elementor-top-column elementor-element elementor-element-5bccbba7\" data-id=\"5bccbba7\" data-element_type=\"column\">\n\t\t\t<div class=\"elementor-widget-wrap elementor-element-populated\">\n\t\t\t\t\t\t<div class=\"elementor-element elementor-element-307ca94c elementor-widget elementor-widget-video\" data-id=\"307ca94c\" data-element_type=\"widget\" data-settings=\"{&quot;video_type&quot;:&quot;hosted&quot;,&quot;autoplay&quot;:&quot;yes&quot;,&quot;play_on_mobile&quot;:&quot;yes&quot;,&quot;mute&quot;:&quot;yes&quot;,&quot;loop&quot;:&quot;yes&quot;,&quot;controls&quot;:&quot;yes&quot;}\" data-widget_type=\"video.default\">\n\t\t\t\t<div class=\"elementor-widget-container\">\n\t\t\t\t\t\t\t<div class=\"e-hosted-video elementor-wrapper elementor-open-inline\">\n\t\t\t\t\t<video class=\"elementor-video\" src=\"https:\/\/www.boffi.com\/wp-content\/uploads\/2025\/04\/Boffi-Tale.mp4\" autoplay=\"\" loop=\"\" controls=\"\" muted=\"muted\" playsinline=\"\" controlsList=\"nodownload\"><\/video>\n\t\t\t\t<\/div>\n\t\t\t\t\t\t<\/div>\n\t\t\t\t<\/div>\n\t\t\t\t\t<\/div>\n\t\t<\/div>\n\t\t\t\t\t<\/div>\n\t\t<\/section>\n\t\t\t\t<section class=\"elementor-section elementor-top-section elementor-element elementor-element-6b8f767 elementor-section-full_width px-20px pt-40px pt-lg-60px mt-lg-10px pb-20px elementor-section-height-default elementor-section-height-default\" data-id=\"6b8f767\" data-element_type=\"section\">\n\t\t\t\t\t\t<div class=\"elementor-container elementor-column-gap-default\">\n\t\t\t\t\t<div class=\"elementor-column elementor-col-100 elementor-top-column elementor-element elementor-element-ecf23bc\" data-id=\"ecf23bc\" data-element_type=\"column\">\n\t\t\t<div class=\"elementor-widget-wrap elementor-element-populated\">\n\t\t\t\t\t\t<div class=\"elementor-element elementor-element-36893551 elementor-widget elementor-widget-shortcode\" data-id=\"36893551\" data-element_type=\"widget\" data-widget_type=\"shortcode.default\">\n\t\t\t\t<div class=\"elementor-widget-container\">\n\t\t\t\t\t\t\t<div class=\"elementor-shortcode\">        <h2 class=\"neue-display--regular about__title--text text-uppercase text-center pb-20px pb-lg-40px mb-lg-10px\">\n            our story        <\/h2>\n        <div id=\"filters\"\n            class=\"button-group button-group-about pb-20px pb-lg-20px mb-lg-20px d-inline-flex gap-20px d-flex justify-content-center overflow-x-scroll w-100\">\n                                <a class=\"button button--small button--white timelineButton cursor-pointer\"\n                        data-filter=\".1934\">1934-1958<\/a>\n                                    <a class=\"button button--small button--white timelineButton cursor-pointer\"\n                        data-filter=\".1963\">1963-1980<\/a>\n                                    <a class=\"button button--small button--white timelineButton cursor-pointer\"\n                        data-filter=\".1989\">1989-1995<\/a>\n                                    <a class=\"button button--small button--white timelineButton cursor-pointer\"\n                        data-filter=\".1997\">1997-2001<\/a>\n                                    <a class=\"button button--small button--white timelineButton cursor-pointer\"\n                        data-filter=\".2002\">2002-2010<\/a>\n                                    <a class=\"button button--small button--white timelineButton cursor-pointer\"\n                        data-filter=\".2011\">2011-2016<\/a>\n                                    <a class=\"button button--small button--white timelineButton cursor-pointer\"\n                        data-filter=\".2017\">2017-2021<\/a>\n                                    <a class=\"button button--small button--white timelineButton cursor-pointer\"\n                        data-filter=\".2025\">2021-2025<\/a>\n                            <\/div>\n        <!-- slider -->\n        <section class=\"splide timeline\" aria-label=\"splide\">\n            <div class=\"splide__track\">\n                <ul class=\"splide__list\">\n                    \n                        <li class=\"splide__slide timeline__slider\">\n                            <p class=\"timeline__date--text\">1934<\/p>\n                            <img decoding=\"async\" class=\"timeline__img\" src=\"https:\/\/www.boffi.com\/wp-content\/uploads\/2025\/01\/ABOUT_1934.jpg\"\n                                alt=\"\" \/>\n                            <p class=\"timeline__description--text pt-10px pt-lg-20px\">\n                                Un petit atelier improvis\u00e9 et une grande envie d\u2019exp\u00e9rimenter. Chaque soir, en rentrant du travail chez Caproni S.p.a., Piero Boffi se r\u00e9fugie dans l\u2019atelier \u00e0 c\u00f4t\u00e9 de chez lui pour explorer \u00e0 sa mani\u00e8re des projets de design embryonnaires. C\u2019est le d\u00e9but de Boffi.                            <\/p>\n                        <\/li>\n                    \n                        <li class=\"splide__slide timeline__slider\">\n                            <p class=\"timeline__date--text\">1947<\/p>\n                            <img decoding=\"async\" class=\"timeline__img\" src=\"https:\/\/www.boffi.com\/wp-content\/uploads\/2025\/01\/ABOUT_1947.jpg\"\n                                alt=\"\" \/>\n                            <p class=\"timeline__description--text pt-10px pt-lg-20px\">\n                                L\u2019entreprise industrielle prend forme. \u00c0 Cesano Maderno, dans la province de Monza Brianza, la premi\u00e8re usine Boffi est fond\u00e9e, et sur plusieurs fronts, elle verra la collaboration des fils de Piero : Pier Ugo, Dino et Paolo, chacun apportant sa propre approche.                            <\/p>\n                        <\/li>\n                    \n                        <li class=\"splide__slide timeline__slider\">\n                            <p class=\"timeline__date--text\">1954<\/p>\n                            <img decoding=\"async\" class=\"timeline__img\" src=\"https:\/\/www.boffi.com\/wp-content\/uploads\/2025\/01\/ABOUT_1954.jpg\"\n                                alt=\"\" \/>\n                            <p class=\"timeline__description--text pt-10px pt-lg-20px\">\n                                Le groupe a \u00e9t\u00e9 un pionnier en \u00e9tant le premier \u00e0 promouvoir un plan fonctionnel pour les maisons contemporaines et un effort d\u2019internationalisation cibl\u00e9 pour la marque.                            <\/p>\n                        <\/li>\n                    \n                        <li class=\"splide__slide timeline__slider\">\n                            <p class=\"timeline__date--text\">1958<\/p>\n                            <img decoding=\"async\" class=\"timeline__img\" src=\"https:\/\/www.boffi.com\/wp-content\/uploads\/2025\/01\/ABOUT_1958.jpg\"\n                                alt=\"\" \/>\n                            <p class=\"timeline__description--text pt-10px pt-lg-20px\">\n                                Avec son style graphique percutant, Giulio Confalonieri g\u00e8re l\u2019image de marque de Boffi dans les premi\u00e8res campagnes publicitaires \u00e9mergentes.                            <\/p>\n                        <\/li>\n                    \n                        <li class=\"splide__slide timeline__slider\">\n                            <p class=\"timeline__date--text\">1963<\/p>\n                            <img decoding=\"async\" class=\"timeline__img\" src=\"https:\/\/www.boffi.com\/wp-content\/uploads\/2025\/01\/ABOUT_1963.jpg\"\n                                alt=\"\" \/>\n                            <p class=\"timeline__description--text pt-10px pt-lg-20px\">\n                                L\u2019empreinte visionnaire des fr\u00e8res Boffi se fusionne avec celle de Joe Colombo : la Minikitchen devient un symbole d\u2019avant-garde du design Kitchen System, un m\u00e8tre cube fluide int\u00e9grant toutes les fonctions de pr\u00e9paration, de stockage et de lavage.                            <\/p>\n                        <\/li>\n                    \n                        <li class=\"splide__slide timeline__slider\">\n                            <p class=\"timeline__date--text\">1966<\/p>\n                            <img decoding=\"async\" class=\"timeline__img\" src=\"https:\/\/www.boffi.com\/wp-content\/uploads\/2025\/01\/ABOUT_1966.jpg\"\n                                alt=\"\" \/>\n                            <p class=\"timeline__description--text pt-10px pt-lg-20px\">\n                                Avec l\u2019ouverture du premier entrep\u00f4t au 70, Via Oberdan, Lentate sul Seveso devient la nouvelle maison de Boffi.                            <\/p>\n                        <\/li>\n                    \n                        <li class=\"splide__slide timeline__slider\">\n                            <p class=\"timeline__date--text\">1967<\/p>\n                            <img decoding=\"async\" class=\"timeline__img\" src=\"https:\/\/www.boffi.com\/wp-content\/uploads\/2025\/01\/ABOUT_1960.jpg\"\n                                alt=\"\" \/>\n                            <p class=\"timeline__description--text pt-10px pt-lg-20px\">\n                                Pier Ugo et Gian Cas\u00e9 con\u00e7oivent un mod\u00e8le qui deviendra fondateur pour les cuisines modernes \u00e9quip\u00e9es : T12. La m\u00eame ann\u00e9e, Luigi Massoni rejoint Boffi en tant que Directeur Cr\u00e9atif, ce qui m\u00e8ne \u00e0 la cr\u00e9ation d\u2019ic\u00f4nes telles que le syst\u00e8me sans poign\u00e9es Xila et la cuisine E15, premier concept modulaire.                            <\/p>\n                        <\/li>\n                    \n                        <li class=\"splide__slide timeline__slider\">\n                            <p class=\"timeline__date--text\">1980<\/p>\n                            <img decoding=\"async\" class=\"timeline__img\" src=\"https:\/\/www.boffi.com\/wp-content\/uploads\/2025\/01\/ABOUT_1980.jpg\"\n                                alt=\"\" \/>\n                            <p class=\"timeline__description--text pt-10px pt-lg-20px\">\n                                Antonio Citterio et Paolo Nava con\u00e7oivent le mod\u00e8le Factory, une version haute technologie qui associe le classicisme moderniste inh\u00e9rent aux cuisines \u00e0 la nouveaut\u00e9 d\u2019une \u00ab cuisine ouverte \u00bb.                            <\/p>\n                        <\/li>\n                    \n                        <li class=\"splide__slide timeline__slider\">\n                            <p class=\"timeline__date--text\">1989<\/p>\n                            <img decoding=\"async\" class=\"timeline__img\" src=\"https:\/\/www.boffi.com\/wp-content\/uploads\/2025\/01\/ABOUT_1989.jpg\"\n                                alt=\"\" \/>\n                            <p class=\"timeline__description--text pt-10px pt-lg-20px\">\n                                \u00c0 la fin de la d\u00e9cennie, Roberto Gavazzi, alors jeune entrepreneur, prend le poste de Directeur G\u00e9n\u00e9ral, insufflant le changement et l\u2019ouverture n\u00e9cessaires \u00e0 l\u2019internationalisation de l\u2019entreprise.                            <\/p>\n                        <\/li>\n                    \n                        <li class=\"splide__slide timeline__slider\">\n                            <p class=\"timeline__date--text\">1990<\/p>\n                            <img decoding=\"async\" class=\"timeline__img\" src=\"https:\/\/www.boffi.com\/wp-content\/uploads\/2025\/01\/ABOUT_1990.jpg\"\n                                alt=\"\" \/>\n                            <p class=\"timeline__description--text pt-10px pt-lg-20px\">\n                                La direction artistique est confi\u00e9e \u00e0 Piero Lissoni, dont la contribution d\u00e9finit une s\u00e9rie de strat\u00e9gies visant \u00e0 cr\u00e9er des produits sur mesure, tout en insufflant un glamour discret qui impr\u00e8gne les lignes de produits et la strat\u00e9gie de communication. C\u2019est \u00e9galement \u00e0 ce moment historique que le syst\u00e8me Esprit, avec son \u00e9l\u00e9gance subtile, est lanc\u00e9.                            <\/p>\n                        <\/li>\n                    \n                        <li class=\"splide__slide timeline__slider\">\n                            <p class=\"timeline__date--text\">1992<\/p>\n                            <img decoding=\"async\" class=\"timeline__img\" src=\"https:\/\/www.boffi.com\/wp-content\/uploads\/2025\/01\/ABOUT_1992-1.jpg\"\n                                alt=\"\" \/>\n                            <p class=\"timeline__description--text pt-10px pt-lg-20px\">\n                                C\u2019est l\u2019ann\u00e9e de Latina et de Food Center, inaugur\u00e9s avec une installation con\u00e7ue par Lissoni directement dans l\u2019usine Boffi. Deux mod\u00e8les qui mettent en valeur les macro-fonctions de la cuisine.                            <\/p>\n                        <\/li>\n                    \n                        <li class=\"splide__slide timeline__slider\">\n                            <p class=\"timeline__date--text\">1995<\/p>\n                            <img decoding=\"async\" class=\"timeline__img\" src=\"https:\/\/www.boffi.com\/wp-content\/uploads\/2025\/01\/ABOUT_1995.jpg\"\n                                alt=\"\" \/>\n                            <p class=\"timeline__description--text pt-10px pt-lg-20px\">\n                                L\u2019histoire du design et les strat\u00e9gies de d\u00e9veloppement introduites par le trio Boffi-Gavazzi-Lissoni conduisent la marque \u00e0 recevoir le Compasso d\u2019Oro alla Carriera et \u00e0 entreprendre le voyage d\u2019internationalisation tant envisag\u00e9, avec l\u2019ouverture de Boffi Paris sur le Boulevard Saint-Germain.                            <\/p>\n                        <\/li>\n                    \n                        <li class=\"splide__slide timeline__slider\">\n                            <p class=\"timeline__date--text\">1997<\/p>\n                            <img decoding=\"async\" class=\"timeline__img\" src=\"https:\/\/www.boffi.com\/wp-content\/uploads\/2025\/01\/ABOUT_1997.jpg\"\n                                alt=\"\" \/>\n                            <p class=\"timeline__description--text pt-10px pt-lg-20px\">\n                                Boffi affirme sa politique de march\u00e9 ind\u00e9pendante avec une d\u00e9cision strat\u00e9gique : quitter le Salone del Mobile pour pr\u00e9senter le syst\u00e8me WK6 \u00e0 l\u2019int\u00e9rieur de l\u2019\u00e9glise d\u00e9sacralis\u00e9e de San Paolo Converso, \u00e0 Milan.                            <\/p>\n                        <\/li>\n                    \n                        <li class=\"splide__slide timeline__slider\">\n                            <p class=\"timeline__date--text\">1998<\/p>\n                            <img decoding=\"async\" class=\"timeline__img\" src=\"https:\/\/www.boffi.com\/wp-content\/uploads\/2025\/01\/ABOUT_1998.jpg\"\n                                alt=\"\" \/>\n                            <p class=\"timeline__description--text pt-10px pt-lg-20px\">\n                                Le magasin monomarque en gestion directe, Bagno-Boffi Solferino, ouvre ses portes Via Solferino \u00e0 Milan. Gr\u00e2ce \u00e0 son architecture, il est encore aujourd\u2019hui consid\u00e9r\u00e9 comme une ic\u00f4ne du quartier de Brera. C\u2019est le premier d\u2019une longue s\u00e9rie de magasins monomarques en Italie et \u00e0 l\u2019international, qui constituent la pierre angulaire de la politique d\u2019expansion de l\u2019entreprise.                            <\/p>\n                        <\/li>\n                    \n                        <li class=\"splide__slide timeline__slider\">\n                            <p class=\"timeline__date--text\">2000<\/p>\n                            <img decoding=\"async\" class=\"timeline__img\" src=\"https:\/\/www.boffi.com\/wp-content\/uploads\/2025\/01\/ABOUT_2000.jpg\"\n                                alt=\"\" \/>\n                            <p class=\"timeline__description--text pt-10px pt-lg-20px\">\n                                L\u2019internationalisation de l\u2019entreprise atteint les c\u00f4tes am\u00e9ricaines : Boffi Soho ouvre le premier d\u2019une s\u00e9rie de showrooms Boffi aux \u00c9tats-Unis.                            <\/p>\n                        <\/li>\n                    \n                        <li class=\"splide__slide timeline__slider\">\n                            <p class=\"timeline__date--text\">2001<\/p>\n                            <img decoding=\"async\" class=\"timeline__img\" src=\"https:\/\/www.boffi.com\/wp-content\/uploads\/2025\/01\/ABOUT_2001.jpg\"\n                                alt=\"\" \/>\n                            <p class=\"timeline__description--text pt-10px pt-lg-20px\">\n                                Boffi rejoint la Fondazione Altagamma, une association regroupant les entreprises italiennes les plus prestigieuses, avec pour objectif de promouvoir la culture italienne et l\u2019excellence du Made in Italy dans le monde.                            <\/p>\n                        <\/li>\n                    \n                        <li class=\"splide__slide timeline__slider\">\n                            <p class=\"timeline__date--text\">2002<\/p>\n                            <img decoding=\"async\" class=\"timeline__img\" src=\"https:\/\/www.boffi.com\/wp-content\/uploads\/2025\/01\/ABOUT_2002.jpg\"\n                                alt=\"\" \/>\n                            <p class=\"timeline__description--text pt-10px pt-lg-20px\">\n                                Le mod\u00e8le Case 5.0 de Piero Lissoni incarne le symbole de la cuisine architecturale, devenant ainsi une \u0153uvre performative, avec des proportions exceptionnelles, des mat\u00e9riaux d\u2019exception et des fonctions \u00e0 la pointe de l\u2019avant-garde.                            <\/p>\n                        <\/li>\n                    \n                        <li class=\"splide__slide timeline__slider\">\n                            <p class=\"timeline__date--text\">2003<\/p>\n                            <img decoding=\"async\" class=\"timeline__img\" src=\"https:\/\/www.boffi.com\/wp-content\/uploads\/2025\/01\/ABOUT_2003.jpg\"\n                                alt=\"\" \/>\n                            <p class=\"timeline__description--text pt-10px pt-lg-20px\">\n                                La marque allemande de cuisines haut de gamme, Norbert Wangen, int\u00e8gre officiellement l\u2019univers Boffi avec le style avant-gardiste de la s\u00e9rie K.                            <\/p>\n                        <\/li>\n                    \n                        <li class=\"splide__slide timeline__slider\">\n                            <p class=\"timeline__date--text\">2004<\/p>\n                            <img decoding=\"async\" class=\"timeline__img\" src=\"https:\/\/www.boffi.com\/wp-content\/uploads\/2025\/01\/ABOUT_2004.jpg\"\n                                alt=\"\" \/>\n                            <p class=\"timeline__description--text pt-10px pt-lg-20px\">\n                                Cut, la robinetterie con\u00e7ue par Mario Tessarollo et Tiberio Cerato, est s\u00e9lectionn\u00e9e pour le Compasso d\u2019Oro et re\u00e7oit, en 2004, le prix \u00ab Red Dot \u00bb du meilleur design produit.                            <\/p>\n                        <\/li>\n                    \n                        <li class=\"splide__slide timeline__slider\">\n                            <p class=\"timeline__date--text\">2010<\/p>\n                            <img decoding=\"async\" class=\"timeline__img\" src=\"https:\/\/www.boffi.com\/wp-content\/uploads\/2025\/01\/ABOUT_2010.jpg\"\n                                alt=\"\" \/>\n                            <p class=\"timeline__description--text pt-10px pt-lg-20px\">\n                                La deuxi\u00e8me d\u00e9cennie des ann\u00e9es 2000 est marqu\u00e9e par des ann\u00e9es de changement, qui voient d\u2019abord la marque s\u2019\u00e9largir aux gammes de dressings avec le projet \u00ab Solferino \u00bb en 2010, puis d\u00e9buter sa collaboration avec Fantini pour un catalogue de robinetterie moderne et raffin\u00e9e, parfaitement en accord avec l\u2019univers Boffi.                            <\/p>\n                        <\/li>\n                    \n                        <li class=\"splide__slide timeline__slider\">\n                            <p class=\"timeline__date--text\">2011<\/p>\n                            <img decoding=\"async\" class=\"timeline__img\" src=\"https:\/\/www.boffi.com\/wp-content\/uploads\/2025\/01\/ABOUT_2011.jpg\"\n                                alt=\"\" \/>\n                            <p class=\"timeline__description--text pt-10px pt-lg-20px\">\n                                \u00c0 l\u2019international, les magasins monomarques en gestion directe atteignent le nombre de 21, tandis que ceux en gestion indirecte s\u2019\u00e9l\u00e8vent \u00e0 48. Parall\u00e8lement, le projet Aboutwater voit le jour en collaboration avec Fantini.                            <\/p>\n                        <\/li>\n                    \n                        <li class=\"splide__slide timeline__slider\">\n                            <p class=\"timeline__date--text\">2012<\/p>\n                            <img decoding=\"async\" class=\"timeline__img\" src=\"https:\/\/www.boffi.com\/wp-content\/uploads\/2025\/01\/ABOUT_2012.jpg\"\n                                alt=\"\" \/>\n                            <p class=\"timeline__description--text pt-10px pt-lg-20px\">\n                                L\u2019expansion concerne \u00e9galement l\u2019usine et les bureaux : au si\u00e8ge de Lentate sul Seveso, un nouveau Training Center est inaugur\u00e9, avec un vaste espace d\u00e9di\u00e9 au service client et \u00e0 l\u2019exposition des collections de salles de bains, cuisines et syst\u00e8mes.                            <\/p>\n                        <\/li>\n                    \n                        <li class=\"splide__slide timeline__slider\">\n                            <p class=\"timeline__date--text\">2015<\/p>\n                            <img decoding=\"async\" class=\"timeline__img\" src=\"https:\/\/www.boffi.com\/wp-content\/uploads\/2025\/01\/ABOUT_2015.jpg\"\n                                alt=\"\" \/>\n                            <p class=\"timeline__description--text pt-10px pt-lg-20px\">\n                                L\u2019ann\u00e9e marque le d\u00e9but d\u2019une nouvelle strat\u00e9gie d\u2019entreprise : Boffi et la prestigieuse marque de mobilier contemporain De Padova annoncent leur fusion. Le showroom De Padova Santa Cecilia ouvre ses portes au 7, Via Santa Cecilia, \u00e0 Milan.                            <\/p>\n                        <\/li>\n                    \n                        <li class=\"splide__slide timeline__slider\">\n                            <p class=\"timeline__date--text\">2016<\/p>\n                            <img decoding=\"async\" class=\"timeline__img\" src=\"https:\/\/www.boffi.com\/wp-content\/uploads\/2025\/01\/ABOUT_2016.jpg\"\n                                alt=\"\" \/>\n                            <p class=\"timeline__description--text pt-10px pt-lg-20px\">\n                                Boffi Code : une nouvelle gamme de mobilier enti\u00e8rement sur mesure, offrant un choix personnalis\u00e9 de mat\u00e9riaux, de finitions et de types de rangement.                            <\/p>\n                        <\/li>\n                    \n                        <li class=\"splide__slide timeline__slider\">\n                            <p class=\"timeline__date--text\">2017<\/p>\n                            <img decoding=\"async\" class=\"timeline__img\" src=\"https:\/\/www.boffi.com\/wp-content\/uploads\/2025\/01\/ABOUT_2017.jpg\"\n                                alt=\"\" \/>\n                            <p class=\"timeline__description--text pt-10px pt-lg-20px\">\n                                De Padova conclut un partenariat avec MA\/U Studio, une start-up danoise sp\u00e9cialis\u00e9e dans les syst\u00e8mes de rayonnage haut de gamme pour l\u2019int\u00e9rieur et le bureau, qui en 2022 devient une partie int\u00e9grante du catalogue De Padova.                            <\/p>\n                        <\/li>\n                    \n                        <li class=\"splide__slide timeline__slider\">\n                            <p class=\"timeline__date--text\">2018<\/p>\n                            <img decoding=\"async\" class=\"timeline__img\" src=\"https:\/\/www.boffi.com\/wp-content\/uploads\/2025\/01\/ABOUT_2018.jpg\"\n                                alt=\"\" \/>\n                            <p class=\"timeline__description--text pt-10px pt-lg-20px\">\n                                Boffi re\u00e7oit le Compasso d\u2019Oro ADI 2018 pour le projet Eclipse, r\u00e9alis\u00e9 en collaboration avec Studiocharlie.                            <\/p>\n                        <\/li>\n                    \n                        <li class=\"splide__slide timeline__slider\">\n                            <p class=\"timeline__date--text\">2019<\/p>\n                            <img decoding=\"async\" class=\"timeline__img\" src=\"https:\/\/www.boffi.com\/wp-content\/uploads\/2025\/01\/ABOUT_2019.jpg\"\n                                alt=\"\" \/>\n                            <p class=\"timeline__description--text pt-10px pt-lg-20px\">\n                                Avec une acquisition initiale de 50 % du capital, Boffi int\u00e8gre ADL \u00e0 son portefeuille. Sp\u00e9cialis\u00e9e dans la conception et la production de syst\u00e8mes d\u2019ouverture et de fermeture reliant les espaces, l\u2019entreprise apporte une nouvelle impulsion \u00e0 la croissance du projet industriel lanc\u00e9 ces derni\u00e8res ann\u00e9es.                            <\/p>\n                        <\/li>\n                    \n                        <li class=\"splide__slide timeline__slider\">\n                            <p class=\"timeline__date--text\">2021<\/p>\n                            <img decoding=\"async\" class=\"timeline__img\" src=\"https:\/\/www.boffi.com\/wp-content\/uploads\/2025\/01\/ABOUT_2021.jpg\"\n                                alt=\"\" \/>\n                            <p class=\"timeline__description--text pt-10px pt-lg-20px\">\n                                La strat\u00e9gie d\u2019entreprise de Boffi|DePadova affirme de plus en plus son ambition d\u2019offrir des solutions d\u2019am\u00e9nagement int\u00e9rieur \u00e0 360\u00b0, \u00e0 travers la pr\u00e9sentation de ses espaces : Boffi Chelsea devient Boffi|DePadova Chelsea, occupant un nouvel espace de 900 m\u00b2 regroupant toutes les collections des marques.                            <\/p>\n                        <\/li>\n                    \n                        <li class=\"splide__slide timeline__slider\">\n                            <p class=\"timeline__date--text\">2022<\/p>\n                            <img decoding=\"async\" class=\"timeline__img\" src=\"https:\/\/www.boffi.com\/wp-content\/uploads\/2025\/01\/ABOUT_2022.jpg\"\n                                alt=\"\" \/>\n                            <p class=\"timeline__description--text pt-10px pt-lg-20px\">\n                                La Milan Design Week voit la pr\u00e9sentation de CASE 5.0 \u2013 BECOMING, une r\u00e9interpr\u00e9tation vingt ans apr\u00e8s le lancement original de Piero Lissoni.                            <\/p>\n                        <\/li>\n                    \n                        <li class=\"splide__slide timeline__slider\">\n                            <p class=\"timeline__date--text\">2025<\/p>\n                            <img decoding=\"async\" class=\"timeline__img\" src=\"https:\/\/www.boffi.com\/wp-content\/uploads\/2025\/01\/ABOUT_2024.jpg\"\n                                alt=\"\" \/>\n                            <p class=\"timeline__description--text pt-10px pt-lg-20px\">\n                                \u00c0 ce jour, Boffi|DePadova compte 24 showrooms en gestion directe et 50 Boffi|DePadova Studios \u00e0 travers le monde, incarnant une philosophie de vie qui int\u00e8gre diff\u00e9rentes entit\u00e9s et influences, coexistant en synergie au sein d\u2019une offre unique.                            <\/p>\n                        <\/li>\n                                    <\/ul>\n            <\/div>\n            <div class=\"splide__arrows timeline__arrows\">\n                <button class=\"splide__arrow splide__arrow--prev\">\n                    <svg xmlns=\"http:\/\/www.w3.org\/2000\/svg\" width=\"30\" height=\"30\" viewBox=\"0 0 40 40\" fill=\"none\">\n                        <circle cx=\"20\" cy=\"20\" r=\"19.25\" stroke=\"#c7c7c7\" stroke-width=\"1.5\"><\/circle>\n                        <path d=\"M25 10L13 20L25 30\" stroke=\"#c7c7c7\" stroke-width=\"1.5\"><\/path>\n                    <\/svg> <\/button>\n                <button class=\"splide__arrow splide__arrow--next\">\n                    <svg xmlns=\"http:\/\/www.w3.org\/2000\/svg\" width=\"30\" height=\"30\" viewBox=\"0 0 40 40\" fill=\"none\">\n                        <circle cx=\"20\" cy=\"20\" r=\"19.25\" transform=\"rotate(-180 20 20)\" stroke=\"#c7c7c7\" stroke-width=\"1.5\">\n                        <\/circle>\n                        <path d=\"M15 30L27 20L15 10\" stroke=\"#c7c7c7\" stroke-width=\"1.5\"><\/path>\n                    <\/svg>\n                <\/button>\n            <\/div>\n        <\/section>\n        <\/div>\n\t\t\t\t\t\t<\/div>\n\t\t\t\t<\/div>\n\t\t\t\t\t<\/div>\n\t\t<\/div>\n\t\t\t\t\t<\/div>\n\t\t<\/section>\n\t\t\t\t<\/div>\n\t\t","protected":false},"excerpt":{"rendered":"<p>L\u2019histoire du design italien est aussi un peu l\u2019histoire de la famille Boffi, capable de cr\u00e9er des connexions avec ceux qui, par la suite, sont devenus des noms embl\u00e9matiques dans le panorama des syst\u00e8me d&#8217;int\u00e9rieur au niveau international. Mais allons dans l\u2019ordre, et suivons le fil narratif qui nous ram\u00e8ne \u00e0 une petite boutique artisanale [&hellip;]<\/p>\n","protected":false},"author":3,"featured_media":0,"parent":0,"menu_order":0,"comment_status":"closed","ping_status":"closed","template":"","meta":{"_acf_changed":false,"footnotes":""},"class_list":["post-47715","page","type-page","status-publish","hentry"],"acf":[],"yoast_head":"<!-- This site is optimized with the Yoast SEO plugin v26.9 - https:\/\/yoast.com\/product\/yoast-seo-wordpress\/ -->\n<title>\u00c0 propos | Boffi Official Site<\/title>\n<meta name=\"robots\" content=\"index, follow, max-snippet:-1, max-image-preview:large, max-video-preview:-1\" \/>\n<link rel=\"canonical\" href=\"https:\/\/www.boffi.com\/fr\/about\/\" \/>\n<meta property=\"og:locale\" content=\"fr_FR\" \/>\n<meta property=\"og:type\" content=\"article\" \/>\n<meta property=\"og:title\" content=\"\u00c0 propos | Boffi Official Site\" \/>\n<meta property=\"og:description\" content=\"L\u2019histoire du design italien est aussi un peu l\u2019histoire de la famille Boffi, capable de cr\u00e9er des connexions avec ceux qui, par la suite, sont devenus des noms embl\u00e9matiques dans le panorama des syst\u00e8me d&#8217;int\u00e9rieur au niveau international. Mais allons dans l\u2019ordre, et suivons le fil narratif qui nous ram\u00e8ne \u00e0 une petite boutique artisanale [&hellip;]\" \/>\n<meta property=\"og:url\" content=\"https:\/\/www.boffi.com\/fr\/about\/\" \/>\n<meta property=\"og:site_name\" content=\"Boffi Official Site\" \/>\n<meta property=\"article:publisher\" content=\"https:\/\/www.facebook.com\/BoffiOfficial\/\" \/>\n<meta property=\"article:modified_time\" content=\"2025-04-07T16:08:43+00:00\" \/>\n<meta property=\"og:image\" content=\"https:\/\/www.boffi.com\/wp-content\/uploads\/2024\/07\/Designer-Antonio-Citterio-1.webp\" \/>\n<meta name=\"twitter:card\" content=\"summary_large_image\" \/>\n<meta name=\"twitter:label1\" content=\"Dur\u00e9e de lecture estim\u00e9e\" \/>\n\t<meta name=\"twitter:data1\" content=\"4 minutes\" \/>\n<script type=\"application\/ld+json\" class=\"yoast-schema-graph\">{\"@context\":\"https:\/\/schema.org\",\"@graph\":[{\"@type\":\"WebPage\",\"@id\":\"https:\/\/www.boffi.com\/fr\/about\/\",\"url\":\"https:\/\/www.boffi.com\/fr\/about\/\",\"name\":\"\u00c0 propos | Boffi Official Site\",\"isPartOf\":{\"@id\":\"https:\/\/www.boffi.com\/fr\/#website\"},\"primaryImageOfPage\":{\"@id\":\"https:\/\/www.boffi.com\/fr\/about\/#primaryimage\"},\"image\":{\"@id\":\"https:\/\/www.boffi.com\/fr\/about\/#primaryimage\"},\"thumbnailUrl\":\"https:\/\/www.boffi.com\/wp-content\/uploads\/2024\/07\/Designer-Antonio-Citterio-1.webp\",\"datePublished\":\"2025-02-22T08:17:41+00:00\",\"dateModified\":\"2025-04-07T16:08:43+00:00\",\"inLanguage\":\"fr-FR\",\"potentialAction\":[{\"@type\":\"ReadAction\",\"target\":[\"https:\/\/www.boffi.com\/fr\/about\/\"]}]},{\"@type\":\"ImageObject\",\"inLanguage\":\"fr-FR\",\"@id\":\"https:\/\/www.boffi.com\/fr\/about\/#primaryimage\",\"url\":\"https:\/\/www.boffi.com\/wp-content\/uploads\/2024\/07\/Designer-Antonio-Citterio-1.webp\",\"contentUrl\":\"https:\/\/www.boffi.com\/wp-content\/uploads\/2024\/07\/Designer-Antonio-Citterio-1.webp\"},{\"@type\":\"WebSite\",\"@id\":\"https:\/\/www.boffi.com\/fr\/#website\",\"url\":\"https:\/\/www.boffi.com\/fr\/\",\"name\":\"Boffi\",\"description\":\"\",\"publisher\":{\"@id\":\"https:\/\/www.boffi.com\/fr\/#organization\"},\"potentialAction\":[{\"@type\":\"SearchAction\",\"target\":{\"@type\":\"EntryPoint\",\"urlTemplate\":\"https:\/\/www.boffi.com\/fr\/?s={search_term_string}\"},\"query-input\":{\"@type\":\"PropertyValueSpecification\",\"valueRequired\":true,\"valueName\":\"search_term_string\"}}],\"inLanguage\":\"fr-FR\"},{\"@type\":\"Organization\",\"@id\":\"https:\/\/www.boffi.com\/fr\/#organization\",\"name\":\"Boffi\",\"url\":\"https:\/\/www.boffi.com\/fr\/\",\"logo\":{\"@type\":\"ImageObject\",\"inLanguage\":\"fr-FR\",\"@id\":\"https:\/\/www.boffi.com\/fr\/#\/schema\/logo\/image\/\",\"url\":\"https:\/\/www.boffi.com\/wp-content\/uploads\/2024\/01\/Boffi90_Logo_1200x1200.png\",\"contentUrl\":\"https:\/\/www.boffi.com\/wp-content\/uploads\/2024\/01\/Boffi90_Logo_1200x1200.png\",\"width\":1200,\"height\":1200,\"caption\":\"Boffi\"},\"image\":{\"@id\":\"https:\/\/www.boffi.com\/fr\/#\/schema\/logo\/image\/\"},\"sameAs\":[\"https:\/\/www.facebook.com\/BoffiOfficial\/\",\"https:\/\/www.instagram.com\/boffi_official\/\",\"https:\/\/www.pinterest.it\/boffidepadova\/\"]}]}<\/script>\n<!-- \/ Yoast SEO plugin. -->","yoast_head_json":{"title":"\u00c0 propos | Boffi Official Site","robots":{"index":"index","follow":"follow","max-snippet":"max-snippet:-1","max-image-preview":"max-image-preview:large","max-video-preview":"max-video-preview:-1"},"canonical":"https:\/\/www.boffi.com\/fr\/about\/","og_locale":"fr_FR","og_type":"article","og_title":"\u00c0 propos | Boffi Official Site","og_description":"L\u2019histoire du design italien est aussi un peu l\u2019histoire de la famille Boffi, capable de cr\u00e9er des connexions avec ceux qui, par la suite, sont devenus des noms embl\u00e9matiques dans le panorama des syst\u00e8me d&#8217;int\u00e9rieur au niveau international. Mais allons dans l\u2019ordre, et suivons le fil narratif qui nous ram\u00e8ne \u00e0 une petite boutique artisanale [&hellip;]","og_url":"https:\/\/www.boffi.com\/fr\/about\/","og_site_name":"Boffi Official Site","article_publisher":"https:\/\/www.facebook.com\/BoffiOfficial\/","article_modified_time":"2025-04-07T16:08:43+00:00","og_image":[{"url":"https:\/\/www.boffi.com\/wp-content\/uploads\/2024\/07\/Designer-Antonio-Citterio-1.webp","type":"","width":"","height":""}],"twitter_card":"summary_large_image","twitter_misc":{"Dur\u00e9e de lecture estim\u00e9e":"4 minutes"},"schema":{"@context":"https:\/\/schema.org","@graph":[{"@type":"WebPage","@id":"https:\/\/www.boffi.com\/fr\/about\/","url":"https:\/\/www.boffi.com\/fr\/about\/","name":"\u00c0 propos | Boffi Official Site","isPartOf":{"@id":"https:\/\/www.boffi.com\/fr\/#website"},"primaryImageOfPage":{"@id":"https:\/\/www.boffi.com\/fr\/about\/#primaryimage"},"image":{"@id":"https:\/\/www.boffi.com\/fr\/about\/#primaryimage"},"thumbnailUrl":"https:\/\/www.boffi.com\/wp-content\/uploads\/2024\/07\/Designer-Antonio-Citterio-1.webp","datePublished":"2025-02-22T08:17:41+00:00","dateModified":"2025-04-07T16:08:43+00:00","inLanguage":"fr-FR","potentialAction":[{"@type":"ReadAction","target":["https:\/\/www.boffi.com\/fr\/about\/"]}]},{"@type":"ImageObject","inLanguage":"fr-FR","@id":"https:\/\/www.boffi.com\/fr\/about\/#primaryimage","url":"https:\/\/www.boffi.com\/wp-content\/uploads\/2024\/07\/Designer-Antonio-Citterio-1.webp","contentUrl":"https:\/\/www.boffi.com\/wp-content\/uploads\/2024\/07\/Designer-Antonio-Citterio-1.webp"},{"@type":"WebSite","@id":"https:\/\/www.boffi.com\/fr\/#website","url":"https:\/\/www.boffi.com\/fr\/","name":"Boffi","description":"","publisher":{"@id":"https:\/\/www.boffi.com\/fr\/#organization"},"potentialAction":[{"@type":"SearchAction","target":{"@type":"EntryPoint","urlTemplate":"https:\/\/www.boffi.com\/fr\/?s={search_term_string}"},"query-input":{"@type":"PropertyValueSpecification","valueRequired":true,"valueName":"search_term_string"}}],"inLanguage":"fr-FR"},{"@type":"Organization","@id":"https:\/\/www.boffi.com\/fr\/#organization","name":"Boffi","url":"https:\/\/www.boffi.com\/fr\/","logo":{"@type":"ImageObject","inLanguage":"fr-FR","@id":"https:\/\/www.boffi.com\/fr\/#\/schema\/logo\/image\/","url":"https:\/\/www.boffi.com\/wp-content\/uploads\/2024\/01\/Boffi90_Logo_1200x1200.png","contentUrl":"https:\/\/www.boffi.com\/wp-content\/uploads\/2024\/01\/Boffi90_Logo_1200x1200.png","width":1200,"height":1200,"caption":"Boffi"},"image":{"@id":"https:\/\/www.boffi.com\/fr\/#\/schema\/logo\/image\/"},"sameAs":["https:\/\/www.facebook.com\/BoffiOfficial\/","https:\/\/www.instagram.com\/boffi_official\/","https:\/\/www.pinterest.it\/boffidepadova\/"]}]}},"_links":{"self":[{"href":"https:\/\/www.boffi.com\/fr\/wp-json\/wp\/v2\/pages\/47715","targetHints":{"allow":["GET"]}}],"collection":[{"href":"https:\/\/www.boffi.com\/fr\/wp-json\/wp\/v2\/pages"}],"about":[{"href":"https:\/\/www.boffi.com\/fr\/wp-json\/wp\/v2\/types\/page"}],"author":[{"embeddable":true,"href":"https:\/\/www.boffi.com\/fr\/wp-json\/wp\/v2\/users\/3"}],"replies":[{"embeddable":true,"href":"https:\/\/www.boffi.com\/fr\/wp-json\/wp\/v2\/comments?post=47715"}],"version-history":[{"count":10,"href":"https:\/\/www.boffi.com\/fr\/wp-json\/wp\/v2\/pages\/47715\/revisions"}],"predecessor-version":[{"id":78837,"href":"https:\/\/www.boffi.com\/fr\/wp-json\/wp\/v2\/pages\/47715\/revisions\/78837"}],"wp:attachment":[{"href":"https:\/\/www.boffi.com\/fr\/wp-json\/wp\/v2\/media?parent=47715"}],"curies":[{"name":"wp","href":"https:\/\/api.w.org\/{rel}","templated":true}]}}